{"id":3,"date":"2022-03-17T10:25:27","date_gmt":"2022-03-17T09:25:27","guid":{"rendered":"https:\/\/www.interbox.ch\/contenitori\/?page_id=3"},"modified":"2023-10-02T15:52:00","modified_gmt":"2023-10-02T13:52:00","slug":"privacy-policy","status":"publish","type":"page","link":"https:\/\/www.interbox.ch\/contenitori\/it\/privacy-policy\/","title":{"rendered":"Privacy Policy"},"content":{"rendered":"<p>[vc_row][vc_column][vc_empty_space height=&#8221;80px&#8221;][\/vc_column][\/vc_row][vc_row][vc_column][vc_column_text]<\/p>\n<h4><strong>Privacy<\/strong><\/h4>\n<p>&nbsp;<\/p>\n<p><strong>Titolare del trattamento, ai sensi degli art.4 e 24 del Regolamento UE 2016\/679 \u00e8:<\/strong><br \/>\n<strong>Interbox SA\u00a0<\/strong>con Sede Legale in Via dei Balconi, 11<br \/>\n6917 Barbengo-Lugano (CH) in persona del Legale Rappresentante pro-tempore.<br \/>\nIndirizzo e-mail:\u00a0<a href=\"mailto:info@interbox.ch\"><strong><em>info@interbox.ch<\/em><\/strong><\/a><\/p>\n<p><strong>Finalit\u00e0 e base giuridica del trattamento<\/strong><br \/>\nIl trattamento \u00e8 necessario in relazione agli obblighi contrattuali \/ accordi reciproci e ai conseguenti adempimenti commerciali, finanziari, fiscali e per eventuali altri obblighi di legge. La base giuridica del trattamento \u00e8 il Codice Civile Libro IV [Tit. Il (Artt. 1321-1469) e Tit. III (Artt. 1470-1986), oltre alla normativa in tema lavoristico, previdenziale e tributario.<\/p>\n<p><strong>Destinatari dei Suoi dati<\/strong><br \/>\nI Suoi dati personali potranno essere resi disponibili e\/o comunicati ai ns. Incaricati, a Professionisti e Imprese che svolgono attivit\u00e0 di natura professionale, contabile, legale, amministrativa, commerciale, bancaria, assicurativa o informatica per ns. conto. Potranno inoltre venire a conoscenza dei Suoi dati personali gli Enti della Pubblica Amministrazione nei cui confronti siamo tenuti, per legge, a darne comunicazione. I Suoi dati personali non saranno da noi diffusi, se non ai predetti soggetti nel pieno rispetto dei principi di proporzionalit\u00e0, necessit\u00e0 e liceit\u00e0.<\/p>\n<p><strong>Trasferimento di dati all\u2019estero<\/strong><br \/>\nNon si prevede di trasferire i Suoi dati personali all\u2019estero.<\/p>\n<p><strong>Periodo di conservazione<\/strong><br \/>\nPoich\u00e9 non \u00e8 possibile indicare il periodo di conservazione dei Suoi dati personali, gli stessi verranno conservati per il periodo previsto dalla legge.<br \/>\nIn ogni caso i Suoi dati personali saranno conservati per tutta la durata del rapporto contrattuale ed anche successivamente, per l\u2019espletamento di obblighi di legge e per finalit\u00e0 amministrative e commerciali.<\/p>\n<p><strong>Diritti dell\u2019interessato<\/strong><br \/>\nLei ha il diritto di:<\/p>\n<ul>\n<li>Chiedere al Titolare del trattamento l\u2019accesso ai dati personali, la rettifica o la cancellazione degli stessi o la limitazione del trattamento che la riguardano o di opporsi al loro trattamento, oltre al diritto alla portabilit\u00e0 dei dati; ha inoltre il diritto a ricevere una nuova informativa qualora le finalit\u00e0 del trattamento ovvero la natura dei dati trattati dovesse subire delle variazioni;<\/li>\n<\/ul>\n<ul>\n<li>Revocare il consenso in qualsiasi momento, senza pregiudicare la liceit\u00e0 del trattamento basata sul consenso prestato prima della revoca, se il trattamento \u00e8 basato sull\u2019art. 6 (\u201cLiceit\u00e0 del trattamento\u201d), c. 1, lett. a)<sup>1<\/sup>\u00a0oppure sull\u2019art. 9, c. 2, lett. a)<sup>2<\/sup>;<\/li>\n<\/ul>\n<ul>\n<li>Proporre reclamo a un\u2019autorit\u00e0 di controllo.<\/li>\n<\/ul>\n<ul>\n<li>Potr\u00e0 in qualsiasi momento esercitare i diritti inviando una comunicazione all\u2019indirizzo mail:\u00a0<strong><em>segreteria@interbox.ch<\/em><\/strong><\/li>\n<\/ul>\n<p><strong>Obbligo o facolt\u00e0 di conferire i dati<\/strong><br \/>\nPer i Suoi dati che siamo obbligati a conoscere per normativa cogente, nazionale ed europea, la loro mancata comunicazione comporta l\u2019impossibilit\u00e0 di instaurare o proseguire il rapporto\/contratto, nei limiti in cui tali dati sono necessari all\u2019esecuzione dello stesso.<br \/>\nPer i Suoi dati che non siamo obbligati a conoscere, la loro mancata comunicazione sar\u00e0 da noi valutata di volta in volta e determiner\u00e0 le conseguenti decisioni, rapportate all\u2019importanza per la ns. Organizzazione dei dati richiesti e non ottenuti.<\/p>\n<p><strong>Processo decisionale automatizzato<\/strong><br \/>\nAll\u2019interno della ns. Organizzazione non \u00e8 presente alcun processo decisionale automatizzato.<\/p>\n<hr \/>\n<p><sup>1<\/sup>\u00a0\u00a0Art. 6. c. I. lett. a) \u201cL\u2019interessato ha espresso il consenso al trattamento dei propri dati personali per una o pi\u00f9 specifiche finalit\u00e0.\u201d<br \/>\n<sup>2<\/sup>\u00a0Art. 9, c. 2. lett. a) \u201cL\u2019interessato ha prestato il proprio consenso esplicito al trattamento di tali dati personali per una o pi\u00f9 finalit\u00e0 specifiche. salvo nei casi in cui il diritto dell\u2019Unione o degli Stati membri dispone che l\u2019interessato non possa revocare il divieto di cui al paragrafo 1.[\/vc_column_text][\/vc_column][\/vc_row][vc_row][vc_column][vc_empty_space height=&#8221;80px&#8221;][\/vc_column][\/vc_row]<\/p>\n","protected":false},"excerpt":{"rendered":"<p>[vc_row][vc_column][vc_empty_space height=&#8221;80px&#8221;][\/vc_column][\/vc_row][vc_row][vc_column][vc_column_text] Privacy &nbsp; Titolare del trattamento, ai sensi degli art.4 e 24 del Regolamento UE 2016\/679 \u00e8: Interbox SA\u00a0con Sede Legale in Via dei Balconi, 11 6917 Barbengo-Lugano (CH) in persona del Legale Rappresentante pro-tempore. Indirizzo e-mail:\u00a0info@interbox.ch Finalit\u00e0 e base giuridica del trattamento Il trattamento \u00e8 necessario in relazione agli obblighi contrattuali \/ accordi [&hellip;]<\/p>\n","protected":false},"author":1,"featured_media":0,"parent":0,"menu_order":61,"comment_status":"closed","ping_status":"closed","template":"","meta":{"footnotes":""},"class_list":["post-3","page","type-page","status-publish","hentry"],"acf":[],"yoast_head":"<!-- This site is optimized with the Yoast SEO plugin v19.1 - https:\/\/yoast.com\/wordpress\/plugins\/seo\/ -->\n<title>Privacy Policy - Interbox - Contenitori<\/title>\n<meta name=\"robots\" content=\"index, follow, max-snippet:-1, max-image-preview:large, max-video-preview:-1\" \/>\n<link rel=\"canonical\" href=\"https:\/\/www.interbox.ch\/contenitori\/it\/privacy-policy\/\" \/>\n<meta property=\"og:locale\" content=\"it_IT\" \/>\n<meta property=\"og:type\" content=\"article\" \/>\n<meta property=\"og:title\" content=\"Privacy Policy - Interbox - Contenitori\" \/>\n<meta property=\"og:description\" content=\"[vc_row][vc_column][vc_empty_space height=&#8221;80px&#8221;][\/vc_column][\/vc_row][vc_row][vc_column][vc_column_text] Privacy &nbsp; Titolare del trattamento, ai sensi degli art.4 e 24 del Regolamento UE 2016\/679 \u00e8: Interbox SA\u00a0con Sede Legale in Via dei Balconi, 11 6917 Barbengo-Lugano (CH) in persona del Legale Rappresentante pro-tempore. Indirizzo e-mail:\u00a0info@interbox.ch Finalit\u00e0 e base giuridica del trattamento Il trattamento \u00e8 necessario in relazione agli obblighi contrattuali \/ accordi [&hellip;]\" \/>\n<meta property=\"og:url\" content=\"https:\/\/www.interbox.ch\/contenitori\/it\/privacy-policy\/\" \/>\n<meta property=\"og:site_name\" content=\"Interbox - Contenitori\" \/>\n<meta property=\"article:modified_time\" content=\"2023-10-02T13:52:00+00:00\" \/>\n<meta name=\"twitter:card\" content=\"summary_large_image\" \/>\n<meta name=\"twitter:label1\" content=\"Tempo di lettura stimato\" \/>\n\t<meta name=\"twitter:data1\" content=\"10 minuti\" \/>\n<script type=\"application\/ld+json\" class=\"yoast-schema-graph\">{\"@context\":\"https:\/\/schema.org\",\"@graph\":[{\"@type\":\"Organization\",\"@id\":\"https:\/\/www.interbox.ch\/contenitori\/it\/#organization\",\"name\":\"Interbox\",\"url\":\"https:\/\/www.interbox.ch\/contenitori\/it\/\",\"sameAs\":[\"https:\/\/www.instagram.com\/martinialfredo_spa\/\",\"https:\/\/www.youtube.com\/channel\/UCUzuZc9hYH9KN1iUYs3iiOg\"],\"logo\":{\"@type\":\"ImageObject\",\"inLanguage\":\"it-IT\",\"@id\":\"https:\/\/www.interbox.ch\/contenitori\/it\/#\/schema\/logo\/image\/\",\"url\":\"https:\/\/www.interbox.ch\/contenitori\/wp-content\/uploads\/2022\/03\/logo.png\",\"contentUrl\":\"https:\/\/www.interbox.ch\/contenitori\/wp-content\/uploads\/2022\/03\/logo.png\",\"width\":219,\"height\":141,\"caption\":\"Interbox\"},\"image\":{\"@id\":\"https:\/\/www.interbox.ch\/contenitori\/it\/#\/schema\/logo\/image\/\"}},{\"@type\":\"WebSite\",\"@id\":\"https:\/\/www.interbox.ch\/contenitori\/it\/#website\",\"url\":\"https:\/\/www.interbox.ch\/contenitori\/it\/\",\"name\":\"Interbox - Contenitori\",\"description\":\"\",\"publisher\":{\"@id\":\"https:\/\/www.interbox.ch\/contenitori\/it\/#organization\"},\"potentialAction\":[{\"@type\":\"SearchAction\",\"target\":{\"@type\":\"EntryPoint\",\"urlTemplate\":\"https:\/\/www.interbox.ch\/contenitori\/it\/?s={search_term_string}\"},\"query-input\":\"required name=search_term_string\"}],\"inLanguage\":\"it-IT\"},{\"@type\":\"WebPage\",\"@id\":\"https:\/\/www.interbox.ch\/contenitori\/it\/privacy-policy\/#webpage\",\"url\":\"https:\/\/www.interbox.ch\/contenitori\/it\/privacy-policy\/\",\"name\":\"Privacy Policy - Interbox - Contenitori\",\"isPartOf\":{\"@id\":\"https:\/\/www.interbox.ch\/contenitori\/it\/#website\"},\"datePublished\":\"2022-03-17T09:25:27+00:00\",\"dateModified\":\"2023-10-02T13:52:00+00:00\",\"breadcrumb\":{\"@id\":\"https:\/\/www.interbox.ch\/contenitori\/it\/privacy-policy\/#breadcrumb\"},\"inLanguage\":\"it-IT\",\"potentialAction\":[{\"@type\":\"ReadAction\",\"target\":[\"https:\/\/www.interbox.ch\/contenitori\/it\/privacy-policy\/\"]}]},{\"@type\":\"BreadcrumbList\",\"@id\":\"https:\/\/www.interbox.ch\/contenitori\/it\/privacy-policy\/#breadcrumb\",\"itemListElement\":[{\"@type\":\"ListItem\",\"position\":1,\"name\":\"Home\",\"item\":\"https:\/\/www.interbox.ch\/contenitori\/it\/\"},{\"@type\":\"ListItem\",\"position\":2,\"name\":\"Privacy Policy\"}]}]}<\/script>\n<!-- \/ Yoast SEO plugin. -->","yoast_head_json":{"title":"Privacy Policy - Interbox - Contenitori","robots":{"index":"index","follow":"follow","max-snippet":"max-snippet:-1","max-image-preview":"max-image-preview:large","max-video-preview":"max-video-preview:-1"},"canonical":"https:\/\/www.interbox.ch\/contenitori\/it\/privacy-policy\/","og_locale":"it_IT","og_type":"article","og_title":"Privacy Policy - Interbox - Contenitori","og_description":"[vc_row][vc_column][vc_empty_space height=&#8221;80px&#8221;][\/vc_column][\/vc_row][vc_row][vc_column][vc_column_text] Privacy &nbsp; Titolare del trattamento, ai sensi degli art.4 e 24 del Regolamento UE 2016\/679 \u00e8: Interbox SA\u00a0con Sede Legale in Via dei Balconi, 11 6917 Barbengo-Lugano (CH) in persona del Legale Rappresentante pro-tempore. Indirizzo e-mail:\u00a0info@interbox.ch Finalit\u00e0 e base giuridica del trattamento Il trattamento \u00e8 necessario in relazione agli obblighi contrattuali \/ accordi [&hellip;]","og_url":"https:\/\/www.interbox.ch\/contenitori\/it\/privacy-policy\/","og_site_name":"Interbox - Contenitori","article_modified_time":"2023-10-02T13:52:00+00:00","twitter_card":"summary_large_image","twitter_misc":{"Tempo di lettura stimato":"10 minuti"},"schema":{"@context":"https:\/\/schema.org","@graph":[{"@type":"Organization","@id":"https:\/\/www.interbox.ch\/contenitori\/it\/#organization","name":"Interbox","url":"https:\/\/www.interbox.ch\/contenitori\/it\/","sameAs":["https:\/\/www.instagram.com\/martinialfredo_spa\/","https:\/\/www.youtube.com\/channel\/UCUzuZc9hYH9KN1iUYs3iiOg"],"logo":{"@type":"ImageObject","inLanguage":"it-IT","@id":"https:\/\/www.interbox.ch\/contenitori\/it\/#\/schema\/logo\/image\/","url":"https:\/\/www.interbox.ch\/contenitori\/wp-content\/uploads\/2022\/03\/logo.png","contentUrl":"https:\/\/www.interbox.ch\/contenitori\/wp-content\/uploads\/2022\/03\/logo.png","width":219,"height":141,"caption":"Interbox"},"image":{"@id":"https:\/\/www.interbox.ch\/contenitori\/it\/#\/schema\/logo\/image\/"}},{"@type":"WebSite","@id":"https:\/\/www.interbox.ch\/contenitori\/it\/#website","url":"https:\/\/www.interbox.ch\/contenitori\/it\/","name":"Interbox - Contenitori","description":"","publisher":{"@id":"https:\/\/www.interbox.ch\/contenitori\/it\/#organization"},"potentialAction":[{"@type":"SearchAction","target":{"@type":"EntryPoint","urlTemplate":"https:\/\/www.interbox.ch\/contenitori\/it\/?s={search_term_string}"},"query-input":"required name=search_term_string"}],"inLanguage":"it-IT"},{"@type":"WebPage","@id":"https:\/\/www.interbox.ch\/contenitori\/it\/privacy-policy\/#webpage","url":"https:\/\/www.interbox.ch\/contenitori\/it\/privacy-policy\/","name":"Privacy Policy - Interbox - Contenitori","isPartOf":{"@id":"https:\/\/www.interbox.ch\/contenitori\/it\/#website"},"datePublished":"2022-03-17T09:25:27+00:00","dateModified":"2023-10-02T13:52:00+00:00","breadcrumb":{"@id":"https:\/\/www.interbox.ch\/contenitori\/it\/privacy-policy\/#breadcrumb"},"inLanguage":"it-IT","potentialAction":[{"@type":"ReadAction","target":["https:\/\/www.interbox.ch\/contenitori\/it\/privacy-policy\/"]}]},{"@type":"BreadcrumbList","@id":"https:\/\/www.interbox.ch\/contenitori\/it\/privacy-policy\/#breadcrumb","itemListElement":[{"@type":"ListItem","position":1,"name":"Home","item":"https:\/\/www.interbox.ch\/contenitori\/it\/"},{"@type":"ListItem","position":2,"name":"Privacy Policy"}]}]}},"_links":{"self":[{"href":"https:\/\/www.interbox.ch\/contenitori\/it\/wp-json\/wp\/v2\/pages\/3","targetHints":{"allow":["GET"]}}],"collection":[{"href":"https:\/\/www.interbox.ch\/contenitori\/it\/wp-json\/wp\/v2\/pages"}],"about":[{"href":"https:\/\/www.interbox.ch\/contenitori\/it\/wp-json\/wp\/v2\/types\/page"}],"author":[{"embeddable":true,"href":"https:\/\/www.interbox.ch\/contenitori\/it\/wp-json\/wp\/v2\/users\/1"}],"replies":[{"embeddable":true,"href":"https:\/\/www.interbox.ch\/contenitori\/it\/wp-json\/wp\/v2\/comments?post=3"}],"version-history":[{"count":13,"href":"https:\/\/www.interbox.ch\/contenitori\/it\/wp-json\/wp\/v2\/pages\/3\/revisions"}],"predecessor-version":[{"id":15964,"href":"https:\/\/www.interbox.ch\/contenitori\/it\/wp-json\/wp\/v2\/pages\/3\/revisions\/15964"}],"wp:attachment":[{"href":"https:\/\/www.interbox.ch\/contenitori\/it\/wp-json\/wp\/v2\/media?parent=3"}],"curies":[{"name":"wp","href":"https:\/\/api.w.org\/{rel}","templated":true}]}}