{"id":15834,"date":"2022-07-27T15:56:32","date_gmt":"2022-07-27T13:56:32","guid":{"rendered":"https:\/\/www.interbox.ch\/contenitori\/?page_id=15834"},"modified":"2023-11-27T12:10:55","modified_gmt":"2023-11-27T11:10:55","slug":"sostenibilita","status":"publish","type":"page","link":"https:\/\/www.interbox.ch\/contenitori\/fr\/sostenibilita\/","title":{"rendered":"Durabilit\u00e9"},"content":{"rendered":"<p>[vc_row full_width=&#8221;stretch_row_content_no_spaces&#8221;][vc_column]<div class=\"banner-titolo\"   > <div class=\"banner-titolo-inn\"  style=\"background-image: url(https:\/\/www.interbox.ch\/contenitori\/wp-content\/uploads\/2022\/07\/COPERTINA-SOSTENIBILITA-1.jpg)\"  > <div class=\"ombra-back\"><\/div><div class=\"container\"   > <div class=\"banner-titolo-inside\"  > <div class=\"spacer\"><\/div><\/div><\/div><\/div><div class=\"banner-titolo-text  \"  > <h2 class=\"titolo colore-oro\">Durabilit\u00e9<\/h2><\/div><\/div>[\/vc_column][\/vc_row][vc_row][vc_column][vc_column_text]\u00ab VALORISER CHAQUE ACTION QUOTIDIENNE POUR UN AVENIR DURABLE !\u201d<\/p>\n<p>Ann\u00e9e apr\u00e8s ann\u00e9e, le th\u00e8me de la durabilit\u00e9 joue un r\u00f4le de plus en plus essentiel dans le travail des organisations commerciales publiques et priv\u00e9es. Dans ses trois dimensions : environnementale, sociale et \u00e9conomique, la durabilit\u00e9 impr\u00e8gne nos comportements pr\u00e9sents et nos choix futurs, les orientant vers la s\u00e9curit\u00e9, la sant\u00e9, l&#8217;inclusion, le d\u00e9veloppement \u00e9quitable ; r\u00e9duction des in\u00e9galit\u00e9s entre les personnes, les syst\u00e8mes \u00e9conomiques, les communaut\u00e9s, la plan\u00e8te dans son ensemble, favorisant in fine l&#8217;\u00e9quilibre entre d\u00e9veloppement \u00e9conomique et d\u00e9veloppement humain.<\/p>\n<p>Selon Interbox S.A. la durabilit\u00e9 est une valeur \u00e0 poursuivre avec la plus grande d\u00e9termination, mais c&#8217;est aussi une responsabilit\u00e9 qui ne peut se limiter uniquement \u00e0 l&#8217;engagement envers l&#8217;environnement, mais doit \u00e9galement s&#8217;\u00e9tendre \u00e0 l&#8217;\u00e9thique, social et \u00e9conomique de la vie.<\/p>\n<p>Chez Interbox S.A., il y a une ferme conscience que, en particulier dans le secteur dans lequel l&#8217;entreprise op\u00e8re, chaque action, chaque processus, chaque d\u00e9cision a un impact sur l&#8217;environnement naturel et social environnant et, par cons\u00e9quent, sur le bien-\u00eatre g\u00e9n\u00e9ral. Pour cette raison, la Soci\u00e9t\u00e9, jour apr\u00e8s jour, s&#8217;engage \u00e0 combiner l&#8217;activit\u00e9 entrepreneuriale avec le bien-\u00eatre de l&#8217;environnement et de tous les sujets directement ou indirectement impliqu\u00e9s dans l&#8217;activit\u00e9 qu&#8217;elle exerce.<\/p>\n<p>Notre entreprise reconna\u00eet et souscrit aux objectifs de l&#8217;Agenda 2030 pour le d\u00e9veloppement durable, en adh\u00e9rant \u00e0 ce qui est indiqu\u00e9 comme les 5 principes fondamentaux sur lesquels il repose : les personnes, la plan\u00e8te, la prosp\u00e9rit\u00e9, la paix et la collaboration.<\/p>\n<p>Sous la supervision directe du propri\u00e9taire et avec la participation des fonctions corporatives concern\u00e9es, Interbox S.A. s&#8217;inspire de ces principes fondamentaux et de l&#8217;utilisation constante des technologies les plus avanc\u00e9es, conform\u00e9ment aux r\u00e9glementations nationales et internationales sur l&#8217;environnement et la durabilit\u00e9, en payant la plus grande attention \u00e0 tous les aspects concernant le produit et le processus de production : de la conception au choix du mat\u00e9riau ; de la fabrication \u00e0 la r\u00e9utilisation. Tout cela se traduit par une attention particuli\u00e8re au traitement des d\u00e9chets de production qui, au moyen de proc\u00e9d\u00e9s particuliers \u00e0 impact environnemental r\u00e9duit, nous permet de les transformer en obtenant une nouvelle mati\u00e8re premi\u00e8re pour la cr\u00e9ation de nouveaux conteneurs et palettes destin\u00e9s \u00e0 tous les secteurs industriels qui utilisent des produits qui ne n\u00e9cessitent pas de contact direct avec les aliments.[\/vc_column_text][\/vc_column][\/vc_row][vc_row][vc_column][vc_empty_space height=&#8221;80px&#8221;][\/vc_column][\/vc_row][vc_row][vc_column]<div class=\"banner-titolo\"   > <div class=\"banner-titolo-inn\"  style=\"background-image: url(https:\/\/www.interbox.ch\/contenitori\/wp-content\/uploads\/2022\/07\/SOSTENIBILITA-ETICA-E-SOCIALE-1.jpg)\"  > <div class=\"ombra-back\"><\/div><div class=\"container\"   > <div class=\"banner-titolo-inside\"  > <div class=\"spacer\"><\/div><\/div><\/div><\/div><div class=\"banner-titolo-text  \"  > <h2 class=\"titolo colore-oro\">Durabilit\u00e9 \u00e9thique et sociale<\/h2><\/div><\/div>[\/vc_column][\/vc_row][vc_row][vc_column][vc_column_text]Pour Interbox S.A. &#8220;Durabilit\u00e9 rime avec Solidarit\u00e9&#8221; pour cette raison l&#8217;\u00e9thique sociale est une pr\u00e9rogative depuis le d\u00e9but.<\/p>\n<p>Aujourd&#8217;hui plus que jamais, ces valeurs repr\u00e9sentent un point fixe qui a toujours caract\u00e9ris\u00e9 la philosophie de Interbox, faisant de la durabilit\u00e9 et de l&#8217;\u00e9thique sociale l&#8217;une des pierres angulaires sur lesquelles repose son chemin. faire des affaires.<\/p>\n<p>Notre personnel est compos\u00e9 de personnes de diff\u00e9rentes ethnies et religions, c&#8217;est pourquoi chez Interbox S.A. nous pensons qu&#8217;il est important d&#8217;avoir une sensibilit\u00e9 particuli\u00e8re \u00e0 l&#8217;\u00e9gard des questions d&#8217;inclusion et de minorit\u00e9s et, plus g\u00e9n\u00e9ralement, de tous les aspects d&#8217;une diversit\u00e9 religieuse , culturelle et de genre.<\/p>\n<p>En synergie avec notre service des Ressources Humaines, nous menons une politique interne visant \u00e0 cr\u00e9er un environnement de travail de plus en plus \u00e0 taille humaine et respectueux des besoins de chacun, dans le but de placer la personne au centre de l&#8217;entreprise, \u00e0 travers des programmes d&#8217;\u00e9volution professionnelle, coordonn\u00e9s avec les plans de carri\u00e8re individuels et soutenus par des formations permanentes inter-entreprises et externes, avec un accent particulier sur la s\u00e9curit\u00e9 au travail. Nous surveillons constamment les r\u00e9sultats de nos efforts car nous croyons que la satisfaction de tout le personnel, combin\u00e9e \u00e0 l&#8217;innovation et \u00e0 la mise \u00e0 jour constante, repr\u00e9sente la combinaison essentielle du succ\u00e8s.[\/vc_column_text][\/vc_column][\/vc_row][vc_row][vc_column][vc_empty_space height=&#8221;80px&#8221;][\/vc_column][\/vc_row][vc_row][vc_column]<div class=\"banner-titolo\"   > <div class=\"banner-titolo-inn\"  style=\"background-image: url(https:\/\/www.interbox.ch\/contenitori\/wp-content\/uploads\/2022\/07\/SOSTENIBILITA-ECONOMICA-2.jpg)\"  > <div class=\"ombra-back\"><\/div><div class=\"container\"   > <div class=\"banner-titolo-inside\"  > <div class=\"spacer\"><\/div><\/div><\/div><\/div><div class=\"banner-titolo-text  \"  > <h2 class=\"titolo colore-oro\">Durabilit\u00e9 \u00e9conomique<\/h2><\/div><\/div>[\/vc_column][\/vc_row][vc_row][vc_column][vc_column_text]Du point de vue de la durabilit\u00e9 \u00e9conomique et en particulier des investissements responsables, notre approche depuis plusieurs ann\u00e9es a \u00e9t\u00e9 de nous assister avec des Centres d&#8217;Expertise, des Observatoires et des Programmes Strat\u00e9giques, afin d&#8217;identifier et de r\u00e9soudre ces situations d&#8217;in\u00e9galit\u00e9s \u00e9conomico-productives, de pauvret\u00e9 du capital humain, inefficacit\u00e9 des processus d&#8217;innovation qui peuvent se manifester aupr\u00e8s de nos parties prenantes.<\/p>\n<p>Chez Interbox S.A., nous croyons que le capital humain et \u00e9conomique repr\u00e9sente ensemble notre force vitale et que la cr\u00e9ation d&#8217;un avenir durable passe \u00e9galement du concept de &#8220;r\u00e9mun\u00e9ration \u00e9quitable&#8221;, de sorte que nous pouvons parler de durabilit\u00e9 \u00e9conomique et sociale au niveau de l&#8217;entreprise. Tout cela se traduit par un syst\u00e8me de contr\u00f4le interne par nos bureaux en charge, afin que le travail et l&#8217;engagement de chacun soient r\u00e9mun\u00e9r\u00e9s de mani\u00e8re juste et durable sur la base des donn\u00e9es du march\u00e9.<\/p>\n<p>Pourquoi faisons-nous tout cela ?<\/p>\n<p>Parce que nous croyons en l&#8217;existence d&#8217;un lien fort entre l&#8217;impact positif \u00e0 long terme des investissements responsables, la juste r\u00e9mun\u00e9ration et ce qui peut en d\u00e9couler en termes de bien-\u00eatre de la soci\u00e9t\u00e9, de fid\u00e9lisation de nos fournisseurs et clients et enfin mais pas pour autant moins important que l&#8217;environnement.[\/vc_column_text][\/vc_column][\/vc_row][vc_row][vc_column][vc_empty_space height=&#8221;80px&#8221;][\/vc_column][\/vc_row][vc_row][vc_column][vc_empty_space height=&#8221;80px&#8221;][\/vc_column][\/vc_row]<\/p>\n","protected":false},"excerpt":{"rendered":"<p>[vc_row full_width=&#8221;stretch_row_content_no_spaces&#8221;][vc_column][\/vc_column][\/vc_row][vc_row][vc_column][vc_column_text]\u00ab VALORISER CHAQUE ACTION QUOTIDIENNE POUR UN AVENIR DURABLE !\u201d Ann\u00e9e apr\u00e8s ann\u00e9e, le th\u00e8me de la durabilit\u00e9 joue un r\u00f4le de plus en plus essentiel dans le travail des organisations commerciales publiques et priv\u00e9es. Dans ses trois dimensions : environnementale, sociale et \u00e9conomique, la durabilit\u00e9 impr\u00e8gne nos comportements pr\u00e9sents et nos choix futurs, [&hellip;]<\/p>\n","protected":false},"author":1,"featured_media":0,"parent":0,"menu_order":0,"comment_status":"closed","ping_status":"closed","template":"","meta":{"footnotes":""},"class_list":["post-15834","page","type-page","status-publish","hentry"],"acf":[],"yoast_head":"<!-- This site is optimized with the Yoast SEO plugin v19.1 - https:\/\/yoast.com\/wordpress\/plugins\/seo\/ -->\n<title>Durabilit\u00e9 - Interbox - Contenitori<\/title>\n<meta name=\"robots\" content=\"index, follow, max-snippet:-1, max-image-preview:large, max-video-preview:-1\" \/>\n<link rel=\"canonical\" href=\"https:\/\/www.interbox.ch\/contenitori\/fr\/sostenibilita\/\" \/>\n<meta property=\"og:locale\" content=\"fr_FR\" \/>\n<meta property=\"og:type\" content=\"article\" \/>\n<meta property=\"og:title\" content=\"Durabilit\u00e9 - Interbox - Contenitori\" \/>\n<meta property=\"og:description\" content=\"[vc_row full_width=&#8221;stretch_row_content_no_spaces&#8221;][vc_column][\/vc_column][\/vc_row][vc_row][vc_column][vc_column_text]\u00ab VALORISER CHAQUE ACTION QUOTIDIENNE POUR UN AVENIR DURABLE !\u201d Ann\u00e9e apr\u00e8s ann\u00e9e, le th\u00e8me de la durabilit\u00e9 joue un r\u00f4le de plus en plus essentiel dans le travail des organisations commerciales publiques et priv\u00e9es. Dans ses trois dimensions : environnementale, sociale et \u00e9conomique, la durabilit\u00e9 impr\u00e8gne nos comportements pr\u00e9sents et nos choix futurs, [&hellip;]\" \/>\n<meta property=\"og:url\" content=\"https:\/\/www.interbox.ch\/contenitori\/fr\/sostenibilita\/\" \/>\n<meta property=\"og:site_name\" content=\"Interbox - Contenitori\" \/>\n<meta property=\"article:modified_time\" content=\"2023-11-27T11:10:55+00:00\" \/>\n<meta name=\"twitter:card\" content=\"summary_large_image\" \/>\n<meta name=\"twitter:label1\" content=\"Dur\u00e9e de lecture estim\u00e9e\" \/>\n\t<meta name=\"twitter:data1\" content=\"5 minutes\" \/>\n<script type=\"application\/ld+json\" class=\"yoast-schema-graph\">{\"@context\":\"https:\/\/schema.org\",\"@graph\":[{\"@type\":\"Organization\",\"@id\":\"https:\/\/www.interbox.ch\/contenitori\/fr\/#organization\",\"name\":\"Interbox\",\"url\":\"https:\/\/www.interbox.ch\/contenitori\/fr\/\",\"sameAs\":[\"https:\/\/www.instagram.com\/martinialfredo_spa\/\",\"https:\/\/www.youtube.com\/channel\/UCUzuZc9hYH9KN1iUYs3iiOg\"],\"logo\":{\"@type\":\"ImageObject\",\"inLanguage\":\"fr-FR\",\"@id\":\"https:\/\/www.interbox.ch\/contenitori\/fr\/#\/schema\/logo\/image\/\",\"url\":\"https:\/\/www.interbox.ch\/contenitori\/wp-content\/uploads\/2022\/03\/logo.png\",\"contentUrl\":\"https:\/\/www.interbox.ch\/contenitori\/wp-content\/uploads\/2022\/03\/logo.png\",\"width\":219,\"height\":141,\"caption\":\"Interbox\"},\"image\":{\"@id\":\"https:\/\/www.interbox.ch\/contenitori\/fr\/#\/schema\/logo\/image\/\"}},{\"@type\":\"WebSite\",\"@id\":\"https:\/\/www.interbox.ch\/contenitori\/fr\/#website\",\"url\":\"https:\/\/www.interbox.ch\/contenitori\/fr\/\",\"name\":\"Interbox - Contenitori\",\"description\":\"\",\"publisher\":{\"@id\":\"https:\/\/www.interbox.ch\/contenitori\/fr\/#organization\"},\"potentialAction\":[{\"@type\":\"SearchAction\",\"target\":{\"@type\":\"EntryPoint\",\"urlTemplate\":\"https:\/\/www.interbox.ch\/contenitori\/fr\/?s={search_term_string}\"},\"query-input\":\"required name=search_term_string\"}],\"inLanguage\":\"fr-FR\"},{\"@type\":\"WebPage\",\"@id\":\"https:\/\/www.interbox.ch\/contenitori\/fr\/sostenibilita\/#webpage\",\"url\":\"https:\/\/www.interbox.ch\/contenitori\/fr\/sostenibilita\/\",\"name\":\"Durabilit\u00e9 - Interbox - Contenitori\",\"isPartOf\":{\"@id\":\"https:\/\/www.interbox.ch\/contenitori\/fr\/#website\"},\"datePublished\":\"2022-07-27T13:56:32+00:00\",\"dateModified\":\"2023-11-27T11:10:55+00:00\",\"breadcrumb\":{\"@id\":\"https:\/\/www.interbox.ch\/contenitori\/fr\/sostenibilita\/#breadcrumb\"},\"inLanguage\":\"fr-FR\",\"potentialAction\":[{\"@type\":\"ReadAction\",\"target\":[\"https:\/\/www.interbox.ch\/contenitori\/fr\/sostenibilita\/\"]}]},{\"@type\":\"BreadcrumbList\",\"@id\":\"https:\/\/www.interbox.ch\/contenitori\/fr\/sostenibilita\/#breadcrumb\",\"itemListElement\":[{\"@type\":\"ListItem\",\"position\":1,\"name\":\"Home\",\"item\":\"https:\/\/www.interbox.ch\/contenitori\/fr\/\"},{\"@type\":\"ListItem\",\"position\":2,\"name\":\"Durabilit\u00e9\"}]}]}<\/script>\n<!-- \/ Yoast SEO plugin. -->","yoast_head_json":{"title":"Durabilit\u00e9 - Interbox - Contenitori","robots":{"index":"index","follow":"follow","max-snippet":"max-snippet:-1","max-image-preview":"max-image-preview:large","max-video-preview":"max-video-preview:-1"},"canonical":"https:\/\/www.interbox.ch\/contenitori\/fr\/sostenibilita\/","og_locale":"fr_FR","og_type":"article","og_title":"Durabilit\u00e9 - Interbox - Contenitori","og_description":"[vc_row full_width=&#8221;stretch_row_content_no_spaces&#8221;][vc_column][\/vc_column][\/vc_row][vc_row][vc_column][vc_column_text]\u00ab VALORISER CHAQUE ACTION QUOTIDIENNE POUR UN AVENIR DURABLE !\u201d Ann\u00e9e apr\u00e8s ann\u00e9e, le th\u00e8me de la durabilit\u00e9 joue un r\u00f4le de plus en plus essentiel dans le travail des organisations commerciales publiques et priv\u00e9es. Dans ses trois dimensions : environnementale, sociale et \u00e9conomique, la durabilit\u00e9 impr\u00e8gne nos comportements pr\u00e9sents et nos choix futurs, [&hellip;]","og_url":"https:\/\/www.interbox.ch\/contenitori\/fr\/sostenibilita\/","og_site_name":"Interbox - Contenitori","article_modified_time":"2023-11-27T11:10:55+00:00","twitter_card":"summary_large_image","twitter_misc":{"Dur\u00e9e de lecture estim\u00e9e":"5 minutes"},"schema":{"@context":"https:\/\/schema.org","@graph":[{"@type":"Organization","@id":"https:\/\/www.interbox.ch\/contenitori\/fr\/#organization","name":"Interbox","url":"https:\/\/www.interbox.ch\/contenitori\/fr\/","sameAs":["https:\/\/www.instagram.com\/martinialfredo_spa\/","https:\/\/www.youtube.com\/channel\/UCUzuZc9hYH9KN1iUYs3iiOg"],"logo":{"@type":"ImageObject","inLanguage":"fr-FR","@id":"https:\/\/www.interbox.ch\/contenitori\/fr\/#\/schema\/logo\/image\/","url":"https:\/\/www.interbox.ch\/contenitori\/wp-content\/uploads\/2022\/03\/logo.png","contentUrl":"https:\/\/www.interbox.ch\/contenitori\/wp-content\/uploads\/2022\/03\/logo.png","width":219,"height":141,"caption":"Interbox"},"image":{"@id":"https:\/\/www.interbox.ch\/contenitori\/fr\/#\/schema\/logo\/image\/"}},{"@type":"WebSite","@id":"https:\/\/www.interbox.ch\/contenitori\/fr\/#website","url":"https:\/\/www.interbox.ch\/contenitori\/fr\/","name":"Interbox - Contenitori","description":"","publisher":{"@id":"https:\/\/www.interbox.ch\/contenitori\/fr\/#organization"},"potentialAction":[{"@type":"SearchAction","target":{"@type":"EntryPoint","urlTemplate":"https:\/\/www.interbox.ch\/contenitori\/fr\/?s={search_term_string}"},"query-input":"required name=search_term_string"}],"inLanguage":"fr-FR"},{"@type":"WebPage","@id":"https:\/\/www.interbox.ch\/contenitori\/fr\/sostenibilita\/#webpage","url":"https:\/\/www.interbox.ch\/contenitori\/fr\/sostenibilita\/","name":"Durabilit\u00e9 - Interbox - Contenitori","isPartOf":{"@id":"https:\/\/www.interbox.ch\/contenitori\/fr\/#website"},"datePublished":"2022-07-27T13:56:32+00:00","dateModified":"2023-11-27T11:10:55+00:00","breadcrumb":{"@id":"https:\/\/www.interbox.ch\/contenitori\/fr\/sostenibilita\/#breadcrumb"},"inLanguage":"fr-FR","potentialAction":[{"@type":"ReadAction","target":["https:\/\/www.interbox.ch\/contenitori\/fr\/sostenibilita\/"]}]},{"@type":"BreadcrumbList","@id":"https:\/\/www.interbox.ch\/contenitori\/fr\/sostenibilita\/#breadcrumb","itemListElement":[{"@type":"ListItem","position":1,"name":"Home","item":"https:\/\/www.interbox.ch\/contenitori\/fr\/"},{"@type":"ListItem","position":2,"name":"Durabilit\u00e9"}]}]}},"_links":{"self":[{"href":"https:\/\/www.interbox.ch\/contenitori\/fr\/wp-json\/wp\/v2\/pages\/15834","targetHints":{"allow":["GET"]}}],"collection":[{"href":"https:\/\/www.interbox.ch\/contenitori\/fr\/wp-json\/wp\/v2\/pages"}],"about":[{"href":"https:\/\/www.interbox.ch\/contenitori\/fr\/wp-json\/wp\/v2\/types\/page"}],"author":[{"embeddable":true,"href":"https:\/\/www.interbox.ch\/contenitori\/fr\/wp-json\/wp\/v2\/users\/1"}],"replies":[{"embeddable":true,"href":"https:\/\/www.interbox.ch\/contenitori\/fr\/wp-json\/wp\/v2\/comments?post=15834"}],"version-history":[{"count":8,"href":"https:\/\/www.interbox.ch\/contenitori\/fr\/wp-json\/wp\/v2\/pages\/15834\/revisions"}],"predecessor-version":[{"id":16058,"href":"https:\/\/www.interbox.ch\/contenitori\/fr\/wp-json\/wp\/v2\/pages\/15834\/revisions\/16058"}],"wp:attachment":[{"href":"https:\/\/www.interbox.ch\/contenitori\/fr\/wp-json\/wp\/v2\/media?parent=15834"}],"curies":[{"name":"wp","href":"https:\/\/api.w.org\/{rel}","templated":true}]}}