{"id":9925,"date":"2022-07-27T15:56:32","date_gmt":"2022-07-27T13:56:32","guid":{"rendered":"https:\/\/www.interbox.ch\/contenitori\/sostenibilita\/"},"modified":"2023-11-27T12:15:14","modified_gmt":"2023-11-27T11:15:14","slug":"nachhaltigkeit","status":"publish","type":"page","link":"https:\/\/www.interbox.ch\/contenitori\/de\/nachhaltigkeit\/","title":{"rendered":"Nachhaltigkeit"},"content":{"rendered":"<p>[vc_row full_width=&#8221;stretch_row_content_no_spaces&#8221;][vc_column]<div class=\"banner-titolo\"   > <div class=\"banner-titolo-inn\"  style=\"background-image: url(https:\/\/www.interbox.ch\/contenitori\/wp-content\/uploads\/2022\/07\/COPERTINA-SOSTENIBILITA-1.jpg)\"  > <div class=\"ombra-back\"><\/div><div class=\"container\"   > <div class=\"banner-titolo-inside\"  > <div class=\"spacer\"><\/div><\/div><\/div><\/div><div class=\"banner-titolo-text  \"  > <h2 class=\"titolo colore-oro\">Nachhaltigkeit<\/h2><\/div><\/div>[\/vc_column][\/vc_row][vc_row][vc_column][vc_column_text]Das Thema Nachhaltigkeit spielt von Jahr zu Jahr eine immer wichtigere Rolle in der Arbeit von \u00f6ffentlichen und privaten Unternehmen. In ihren drei Dimensionen &#8211; Umwelt, Soziales und Wirtschaft &#8211; durchdringt die Nachhaltigkeit unser gegenw\u00e4rtiges Verhalten und unsere zuk\u00fcnftigen Entscheidungen und lenkt sie in Richtung Sicherheit, Gesundheit, Integration, gerechte Entwicklung, Verringerung der Ungleichheiten zwischen Menschen, Wirtschaftssystemen, Gemeinschaften und dem Planeten als Ganzes, um letztlich das Gleichgewicht zwischen wirtschaftlicher und menschlicher Entwicklung zu f\u00f6rdern.<\/p>\n<p>Nach Ansicht Interbox S.A., ist Nachhaltigkeit ein Wert, der mit gr\u00f6\u00dfter Entschlossenheit verfolgt werden muss, aber auch eine Verantwortung, die sich nicht nur auf das Engagement f\u00fcr die Umwelt beschr\u00e4nken darf, sondern sich auch auf die ethische und soziale Dimension erstrecken muss. und wirtschaftlichen Lebens.<\/p>\n<p>Bei Interbox S.A. ist man sich bewusst, dass insbesondere in dem Sektor, in dem das Unternehmen t\u00e4tig ist, jede Handlung, jeder Prozess, jede Entscheidung Auswirkungen auf die nat\u00fcrliche und soziale Umwelt und damit auf das allgemeine Wohlbefinden hat. Aus diesem Grund setzt sich das Unternehmen Tag f\u00fcr Tag daf\u00fcr ein, die unternehmerische T\u00e4tigkeit mit dem Wohlergehen der Umwelt und all derer zu verbinden, die direkt oder indirekt an der T\u00e4tigkeit beteiligt sind, die es aus\u00fcbt.<\/p>\n<p>Unser Unternehmen anerkennt und unterst\u00fctzt die Ziele der Agenda 2030 f\u00fcr nachhaltige Entwicklung und h\u00e4lt sich an die f\u00fcnf Grundprinzipien, auf denen es beruht: Menschen, Planet, Wohlstand, Frieden und Zusammenarbeit.<\/p>\n<p>Unter direkter Aufsicht des Eigent\u00fcmers und unter Einbeziehung der relevanten Unternehmensfunktionen l\u00e4sst sich Interbox S.A. von diesen Grundprinzipien und dem st\u00e4ndigen Einsatz der fortschrittlichsten Technologien inspirieren, die mit den nationalen und internationalen Umwelt- und Nachhaltigkeitsvorschriften in Einklang stehen, wobei allen Aspekten des Produkts und des Produktionsprozesses h\u00f6chste Aufmerksamkeit gewidmet wird: von der Planung bis zur Materialauswahl, von der Bauphase bis zur Wiederverwendung. All dies f\u00fchrt zu einer besonderen Aufmerksamkeit bei der Behandlung von Produktionsabf\u00e4llen, die durch spezielle Verfahren mit reduzierten Umweltauswirkungen in neues Rohmaterial f\u00fcr die Herstellung neuer Beh\u00e4lter und Paletten f\u00fcr alle Industriezweige umgewandelt werden k\u00f6nnen, die Produkte verwenden, die keinen direkten Kontakt mit Lebensmitteln erfordern.[\/vc_column_text][\/vc_column][\/vc_row][vc_row][vc_column][vc_empty_space height=&#8221;80px&#8221;][\/vc_column][\/vc_row][vc_row][vc_column]<div class=\"banner-titolo\"   > <div class=\"banner-titolo-inn\"  style=\"background-image: url(https:\/\/www.interbox.ch\/contenitori\/wp-content\/uploads\/2022\/07\/SOSTENIBILITA-ETICA-E-SOCIALE-1.jpg)\"  > <div class=\"ombra-back\"><\/div><div class=\"container\"   > <div class=\"banner-titolo-inside\"  > <div class=\"spacer\"><\/div><\/div><\/div><\/div><div class=\"banner-titolo-text  \"  > <h2 class=\"titolo colore-oro\">Ethische und soziale Nachhaltigkeit<\/h2><\/div><\/div>[\/vc_column][\/vc_row][vc_row][vc_column][vc_column_text]F\u00fcr Interbox S.A.. reimt sich Nachhaltigkeit auf Solidarit\u00e4t. Aus diesem Grund war die Sozialethik von Anfang an ein Vorrecht des Unternehmens.<\/p>\n<p>Heute sind diese Werte mehr denn je ein fester Bestandteil der Philosophie der Interbox, indem sie Nachhaltigkeit und Sozialethik zu einem der Eckpfeiler ihres Gesch\u00e4ftsmodells macht.<\/p>\n<p>Unser Personal setzt sich aus Menschen verschiedener Ethnien und Religionen zusammen, weshalb wir bei Interbox S.A. eine besondere Sensibilit\u00e4t f\u00fcr die Themen Integration und Minderheiten und ganz allgemein f\u00fcr alle Aspekte ethnischer und religi\u00f6ser Natur f\u00fcr wichtig halten. Kulturelle und geschlechtsspezifische Aspekte.<\/p>\n<p>In Zusammenarbeit mit unserer Personalabteilung verfolgen wir eine interne Politik, die darauf abzielt, ein Arbeitsumfeld zu schaffen, das immer menschlicher wird und die Bed\u00fcrfnisse jedes Einzelnen respektiert, mit dem Ziel, den Menschen in den Mittelpunkt des Unternehmens zu stellen, und zwar durch berufliche Entwicklungsprogramme, die mit den individuellen Karrierepl\u00e4nen koordiniert und durch st\u00e4ndige unternehmensinterne und -externe Schulungen unterst\u00fctzt werden, mit besonderem Augenmerk auf die Sicherheit am Arbeitsplatz. Wir \u00fcberwachen st\u00e4ndig die Ergebnisse unserer Bem\u00fchungen, da wir der Meinung sind, dass die Zufriedenheit des gesamten Personals in Verbindung mit Innovation und st\u00e4ndiger Aktualisierung die grundlegende Kombination f\u00fcr den Erfolg darstellt[\/vc_column_text][\/vc_column][\/vc_row][vc_row][vc_column][vc_empty_space height=&#8221;80px&#8221;][\/vc_column][\/vc_row][vc_row][vc_column]<div class=\"banner-titolo\"   > <div class=\"banner-titolo-inn\"  style=\"background-image: url(https:\/\/www.interbox.ch\/contenitori\/wp-content\/uploads\/2022\/07\/SOSTENIBILITA-ECONOMICA-2.jpg)\"  > <div class=\"ombra-back\"><\/div><div class=\"container\"   > <div class=\"banner-titolo-inside\"  > <div class=\"spacer\"><\/div><\/div><\/div><\/div><div class=\"banner-titolo-text  \"  > <h2 class=\"titolo colore-oro\">Wirtschaftliche Nachhaltigkeit<\/h2><\/div><\/div>[\/vc_column][\/vc_row][vc_row][vc_column][vc_column_text]Unter dem Gesichtspunkt der wirtschaftlichen Nachhaltigkeit und insbesondere der verantwortungsbewussten Investitionen besteht unser Ansatz seit mehreren Jahren darin, uns mit Kompetenzzentren, Beobachtungsstellen und strategischen Programmen zu unterst\u00fctzen, um Situationen wirtschaftlicher und produktiver Ungleichheit, des Mangels an Humankapital und der Ineffizienz der Innovationsprozesse, die bei unseren Stakeholdern auftreten k\u00f6nnen, zu identifizieren und zu l\u00f6sen.<\/p>\n<p>Wir bei Interbox S.A. sind der Meinung, dass Human- und Wirtschaftskapital zusammen unser Lebenselixier darstellen und dass die Schaffung einer nachhaltigen Zukunft auch auf dem Konzept der &#8220;gerechten Entlohnung&#8221; beruht, so dass wir von wirtschaftlicher und sozialer Nachhaltigkeit auf Unternehmensebene sprechen k\u00f6nnen. All dies m\u00fcndet in ein internes Kontrollsystem durch unsere zust\u00e4ndigen Stellen, damit die Arbeit und das Engagement jedes Einzelnen auf der Grundlage von Marktdaten fair und nachhaltig entlohnt werden.<\/p>\n<p>Warum tun wir das alles?<\/p>\n<p>Weil wir davon \u00fcberzeugt sind, dass ein enger Zusammenhang besteht zwischen den langfristigen positiven Auswirkungen verantwortungsbewusster Investitionen, der richtigen Entlohnung und dem, was sich daraus f\u00fcr das Wohlergehen des Unternehmens, die Loyalit\u00e4t unserer Lieferanten und Kunden und nicht zuletzt f\u00fcr die Umwelt ableiten l\u00e4sst.[\/vc_column_text][\/vc_column][\/vc_row][vc_row][vc_column][vc_empty_space height=&#8221;80px&#8221;][\/vc_column][\/vc_row][vc_row][vc_column][vc_empty_space height=&#8221;80px&#8221;][\/vc_column][\/vc_row]<\/p>\n","protected":false},"excerpt":{"rendered":"<p>[vc_row full_width=&#8221;stretch_row_content_no_spaces&#8221;][vc_column][\/vc_column][\/vc_row][vc_row][vc_column][vc_column_text]Das Thema Nachhaltigkeit spielt von Jahr zu Jahr eine immer wichtigere Rolle in der Arbeit von \u00f6ffentlichen und privaten Unternehmen. In ihren drei Dimensionen &#8211; Umwelt, Soziales und Wirtschaft &#8211; durchdringt die Nachhaltigkeit unser gegenw\u00e4rtiges Verhalten und unsere zuk\u00fcnftigen Entscheidungen und lenkt sie in Richtung Sicherheit, Gesundheit, Integration, gerechte Entwicklung, Verringerung der Ungleichheiten zwischen [&hellip;]<\/p>\n","protected":false},"author":1,"featured_media":0,"parent":0,"menu_order":0,"comment_status":"closed","ping_status":"closed","template":"","meta":{"footnotes":""},"class_list":["post-9925","page","type-page","status-publish","hentry"],"acf":[],"yoast_head":"<!-- This site is optimized with the Yoast SEO plugin v19.1 - https:\/\/yoast.com\/wordpress\/plugins\/seo\/ -->\n<title>Nachhaltigkeit - Interbox - Contenitori<\/title>\n<meta name=\"robots\" content=\"index, follow, max-snippet:-1, max-image-preview:large, max-video-preview:-1\" \/>\n<link rel=\"canonical\" href=\"https:\/\/www.interbox.ch\/contenitori\/de\/nachhaltigkeit\/\" \/>\n<meta property=\"og:locale\" content=\"de_DE\" \/>\n<meta property=\"og:type\" content=\"article\" \/>\n<meta property=\"og:title\" content=\"Nachhaltigkeit - Interbox - Contenitori\" \/>\n<meta property=\"og:description\" content=\"[vc_row full_width=&#8221;stretch_row_content_no_spaces&#8221;][vc_column][\/vc_column][\/vc_row][vc_row][vc_column][vc_column_text]Das Thema Nachhaltigkeit spielt von Jahr zu Jahr eine immer wichtigere Rolle in der Arbeit von \u00f6ffentlichen und privaten Unternehmen. In ihren drei Dimensionen &#8211; Umwelt, Soziales und Wirtschaft &#8211; durchdringt die Nachhaltigkeit unser gegenw\u00e4rtiges Verhalten und unsere zuk\u00fcnftigen Entscheidungen und lenkt sie in Richtung Sicherheit, Gesundheit, Integration, gerechte Entwicklung, Verringerung der Ungleichheiten zwischen [&hellip;]\" \/>\n<meta property=\"og:url\" content=\"https:\/\/www.interbox.ch\/contenitori\/de\/nachhaltigkeit\/\" \/>\n<meta property=\"og:site_name\" content=\"Interbox - Contenitori\" \/>\n<meta property=\"article:modified_time\" content=\"2023-11-27T11:15:14+00:00\" \/>\n<meta name=\"twitter:card\" content=\"summary_large_image\" \/>\n<meta name=\"twitter:label1\" content=\"Gesch\u00e4tzte Lesezeit\" \/>\n\t<meta name=\"twitter:data1\" content=\"5\u00a0Minuten\" \/>\n<script type=\"application\/ld+json\" class=\"yoast-schema-graph\">{\"@context\":\"https:\/\/schema.org\",\"@graph\":[{\"@type\":\"Organization\",\"@id\":\"https:\/\/www.interbox.ch\/contenitori\/de\/#organization\",\"name\":\"Interbox\",\"url\":\"https:\/\/www.interbox.ch\/contenitori\/de\/\",\"sameAs\":[\"https:\/\/www.instagram.com\/martinialfredo_spa\/\",\"https:\/\/www.youtube.com\/channel\/UCUzuZc9hYH9KN1iUYs3iiOg\"],\"logo\":{\"@type\":\"ImageObject\",\"inLanguage\":\"de\",\"@id\":\"https:\/\/www.interbox.ch\/contenitori\/de\/#\/schema\/logo\/image\/\",\"url\":\"https:\/\/www.interbox.ch\/contenitori\/wp-content\/uploads\/2022\/03\/logo.png\",\"contentUrl\":\"https:\/\/www.interbox.ch\/contenitori\/wp-content\/uploads\/2022\/03\/logo.png\",\"width\":219,\"height\":141,\"caption\":\"Interbox\"},\"image\":{\"@id\":\"https:\/\/www.interbox.ch\/contenitori\/de\/#\/schema\/logo\/image\/\"}},{\"@type\":\"WebSite\",\"@id\":\"https:\/\/www.interbox.ch\/contenitori\/de\/#website\",\"url\":\"https:\/\/www.interbox.ch\/contenitori\/de\/\",\"name\":\"Interbox - Contenitori\",\"description\":\"\",\"publisher\":{\"@id\":\"https:\/\/www.interbox.ch\/contenitori\/de\/#organization\"},\"potentialAction\":[{\"@type\":\"SearchAction\",\"target\":{\"@type\":\"EntryPoint\",\"urlTemplate\":\"https:\/\/www.interbox.ch\/contenitori\/de\/?s={search_term_string}\"},\"query-input\":\"required name=search_term_string\"}],\"inLanguage\":\"de\"},{\"@type\":\"WebPage\",\"@id\":\"https:\/\/www.interbox.ch\/contenitori\/de\/nachhaltigkeit\/#webpage\",\"url\":\"https:\/\/www.interbox.ch\/contenitori\/de\/nachhaltigkeit\/\",\"name\":\"Nachhaltigkeit - Interbox - Contenitori\",\"isPartOf\":{\"@id\":\"https:\/\/www.interbox.ch\/contenitori\/de\/#website\"},\"datePublished\":\"2022-07-27T13:56:32+00:00\",\"dateModified\":\"2023-11-27T11:15:14+00:00\",\"breadcrumb\":{\"@id\":\"https:\/\/www.interbox.ch\/contenitori\/de\/nachhaltigkeit\/#breadcrumb\"},\"inLanguage\":\"de\",\"potentialAction\":[{\"@type\":\"ReadAction\",\"target\":[\"https:\/\/www.interbox.ch\/contenitori\/de\/nachhaltigkeit\/\"]}]},{\"@type\":\"BreadcrumbList\",\"@id\":\"https:\/\/www.interbox.ch\/contenitori\/de\/nachhaltigkeit\/#breadcrumb\",\"itemListElement\":[{\"@type\":\"ListItem\",\"position\":1,\"name\":\"Home\",\"item\":\"https:\/\/www.interbox.ch\/contenitori\/de\/\"},{\"@type\":\"ListItem\",\"position\":2,\"name\":\"Nachhaltigkeit\"}]}]}<\/script>\n<!-- \/ Yoast SEO plugin. -->","yoast_head_json":{"title":"Nachhaltigkeit - Interbox - Contenitori","robots":{"index":"index","follow":"follow","max-snippet":"max-snippet:-1","max-image-preview":"max-image-preview:large","max-video-preview":"max-video-preview:-1"},"canonical":"https:\/\/www.interbox.ch\/contenitori\/de\/nachhaltigkeit\/","og_locale":"de_DE","og_type":"article","og_title":"Nachhaltigkeit - Interbox - Contenitori","og_description":"[vc_row full_width=&#8221;stretch_row_content_no_spaces&#8221;][vc_column][\/vc_column][\/vc_row][vc_row][vc_column][vc_column_text]Das Thema Nachhaltigkeit spielt von Jahr zu Jahr eine immer wichtigere Rolle in der Arbeit von \u00f6ffentlichen und privaten Unternehmen. In ihren drei Dimensionen &#8211; Umwelt, Soziales und Wirtschaft &#8211; durchdringt die Nachhaltigkeit unser gegenw\u00e4rtiges Verhalten und unsere zuk\u00fcnftigen Entscheidungen und lenkt sie in Richtung Sicherheit, Gesundheit, Integration, gerechte Entwicklung, Verringerung der Ungleichheiten zwischen [&hellip;]","og_url":"https:\/\/www.interbox.ch\/contenitori\/de\/nachhaltigkeit\/","og_site_name":"Interbox - Contenitori","article_modified_time":"2023-11-27T11:15:14+00:00","twitter_card":"summary_large_image","twitter_misc":{"Gesch\u00e4tzte Lesezeit":"5\u00a0Minuten"},"schema":{"@context":"https:\/\/schema.org","@graph":[{"@type":"Organization","@id":"https:\/\/www.interbox.ch\/contenitori\/de\/#organization","name":"Interbox","url":"https:\/\/www.interbox.ch\/contenitori\/de\/","sameAs":["https:\/\/www.instagram.com\/martinialfredo_spa\/","https:\/\/www.youtube.com\/channel\/UCUzuZc9hYH9KN1iUYs3iiOg"],"logo":{"@type":"ImageObject","inLanguage":"de","@id":"https:\/\/www.interbox.ch\/contenitori\/de\/#\/schema\/logo\/image\/","url":"https:\/\/www.interbox.ch\/contenitori\/wp-content\/uploads\/2022\/03\/logo.png","contentUrl":"https:\/\/www.interbox.ch\/contenitori\/wp-content\/uploads\/2022\/03\/logo.png","width":219,"height":141,"caption":"Interbox"},"image":{"@id":"https:\/\/www.interbox.ch\/contenitori\/de\/#\/schema\/logo\/image\/"}},{"@type":"WebSite","@id":"https:\/\/www.interbox.ch\/contenitori\/de\/#website","url":"https:\/\/www.interbox.ch\/contenitori\/de\/","name":"Interbox - Contenitori","description":"","publisher":{"@id":"https:\/\/www.interbox.ch\/contenitori\/de\/#organization"},"potentialAction":[{"@type":"SearchAction","target":{"@type":"EntryPoint","urlTemplate":"https:\/\/www.interbox.ch\/contenitori\/de\/?s={search_term_string}"},"query-input":"required name=search_term_string"}],"inLanguage":"de"},{"@type":"WebPage","@id":"https:\/\/www.interbox.ch\/contenitori\/de\/nachhaltigkeit\/#webpage","url":"https:\/\/www.interbox.ch\/contenitori\/de\/nachhaltigkeit\/","name":"Nachhaltigkeit - Interbox - Contenitori","isPartOf":{"@id":"https:\/\/www.interbox.ch\/contenitori\/de\/#website"},"datePublished":"2022-07-27T13:56:32+00:00","dateModified":"2023-11-27T11:15:14+00:00","breadcrumb":{"@id":"https:\/\/www.interbox.ch\/contenitori\/de\/nachhaltigkeit\/#breadcrumb"},"inLanguage":"de","potentialAction":[{"@type":"ReadAction","target":["https:\/\/www.interbox.ch\/contenitori\/de\/nachhaltigkeit\/"]}]},{"@type":"BreadcrumbList","@id":"https:\/\/www.interbox.ch\/contenitori\/de\/nachhaltigkeit\/#breadcrumb","itemListElement":[{"@type":"ListItem","position":1,"name":"Home","item":"https:\/\/www.interbox.ch\/contenitori\/de\/"},{"@type":"ListItem","position":2,"name":"Nachhaltigkeit"}]}]}},"_links":{"self":[{"href":"https:\/\/www.interbox.ch\/contenitori\/de\/wp-json\/wp\/v2\/pages\/9925","targetHints":{"allow":["GET"]}}],"collection":[{"href":"https:\/\/www.interbox.ch\/contenitori\/de\/wp-json\/wp\/v2\/pages"}],"about":[{"href":"https:\/\/www.interbox.ch\/contenitori\/de\/wp-json\/wp\/v2\/types\/page"}],"author":[{"embeddable":true,"href":"https:\/\/www.interbox.ch\/contenitori\/de\/wp-json\/wp\/v2\/users\/1"}],"replies":[{"embeddable":true,"href":"https:\/\/www.interbox.ch\/contenitori\/de\/wp-json\/wp\/v2\/comments?post=9925"}],"version-history":[{"count":9,"href":"https:\/\/www.interbox.ch\/contenitori\/de\/wp-json\/wp\/v2\/pages\/9925\/revisions"}],"predecessor-version":[{"id":16059,"href":"https:\/\/www.interbox.ch\/contenitori\/de\/wp-json\/wp\/v2\/pages\/9925\/revisions\/16059"}],"wp:attachment":[{"href":"https:\/\/www.interbox.ch\/contenitori\/de\/wp-json\/wp\/v2\/media?parent=9925"}],"curies":[{"name":"wp","href":"https:\/\/api.w.org\/{rel}","templated":true}]}}