{"id":10065,"date":"2022-03-17T10:25:27","date_gmt":"2022-03-17T09:25:27","guid":{"rendered":"https:\/\/www.interbox.ch\/contenitori\/?page_id=10065"},"modified":"2023-10-02T15:56:59","modified_gmt":"2023-10-02T13:56:59","slug":"privacy-policy","status":"publish","type":"page","link":"https:\/\/www.interbox.ch\/contenitori\/de\/privacy-policy\/","title":{"rendered":"Privacy Policy"},"content":{"rendered":"<p>[vc_row][vc_column][vc_empty_space height=&#8221;80px&#8221;][\/vc_column][\/vc_row][vc_row][vc_column][vc_column_text]<\/p>\n<h4><strong>Privacy Policy<\/strong><\/h4>\n<p>&nbsp;<\/p>\n<p><strong>Titular der Datenverarbeitung im Sinne von Art. 4 und 24 der EU-Richtlinie 2016\/679 ist:<\/strong><br \/>\n<strong>Interbox SA\u00a0<\/strong>mit Rechtssitz\u00a0Office at Via dei Balconi, 11<br \/>\n6917 Barbengo-Lugano (CH) in Person des amtierenden gesetzlichen Vertreters.<br \/>\nE-Mail Adresse:\u00a0<a href=\"mailto:info@interbox.ch\"><strong><em>info@interbox.ch<\/em><\/strong><\/a><\/p>\n<p><strong>Zielsetzung und rechtliche Grundlage der Datenverarbeitung<\/strong><br \/>\nDie Datenverarbeitung ist zur Erf\u00fcllung der vertraglichen Verpflichtungen \/ gegenseitigen Vereinbarungen notwendig, sowie zur Erf\u00fcllung kommerzieller, finanzieller, steuerrechtlicher und eventuell anderer gesetzlicher Verpflichtungen. Die rechtliche Grundlage wird vom ital. B\u00fcrgerlichen Gesetzbuch, Buch IV geregelt [Tit. Il (Art. 1321-1469) und Tit. III (Art. 1470-1986), sowie vom Arbeits- und Steuerrecht und der Sozialversicherungsgesetzgebung.<\/p>\n<p><strong>Empf\u00e4nger Ihrer Daten<\/strong><br \/>\nIhre pers\u00f6nlichen Daten k\u00f6nnen unseren Beauftragten, Freiberuflern und Unternehmen zur Verf\u00fcgung gestellt und\/oder mitgeteilt werden, die f\u00fcr uns professionelle, buchhalterische, juristische, verwaltungstechnische, kommerzielle, banktechnische, versicherungstechnische oder informationstechnische T\u00e4tigkeiten aus\u00fcben. Ferner k\u00f6nnen Einrichtungen der \u00f6ffentlichen Verwaltung Kenntnis von Ihren pers\u00f6nlichen Daten erhalten, wenn wir zu deren Mitteilung gesetzlich verpflichtet sind. Ihre Daten werden von uns nicht an andere weitergegeben, mit Ausnahme der oben genannten Stellen, und dann nur unter voller Ber\u00fccksichtigung der Proportionalit\u00e4ts-, Notwendigkeits- und Zul\u00e4ssigkeitsprinzipien.<\/p>\n<p><strong>Transfer der Daten ins Ausland<\/strong><br \/>\nEin Transfer Ihrer Daten ins Ausland ist nicht vorgesehen.<\/p>\n<p><strong>Aufbewahrungsdauer<\/strong><br \/>\nDa es uns nicht m\u00f6glich ist, die Aufbewahrungsdauer Ihrer pers\u00f6nlichen Daten anzugeben, werden diese f\u00fcr den gesetzlich vorgesehenen Zeitraum aufbewahrt.<br \/>\nAuf jeden Fall werden Ihre Daten zur Erf\u00fcllung gesetzlicher Verpflichtungen und zu verwaltungstechnischen und kommerziellen Zwecken f\u00fcr die gesamte Dauer des Vertragsverh\u00e4ltnisses und auch noch anschlie\u00dfend aufbewahrt.<\/p>\n<p><strong>Rechte des Betroffenen<\/strong><br \/>\nSie haben das Recht:<\/p>\n<ul>\n<li>Vom Titular der Datenverarbeitung den Zugriff auf die pers\u00f6nlichen Daten zu verlangen, deren Korrektur oder L\u00f6schung, auf eine eingeschr\u00e4nkte Verarbeitung oder gegen deren Verarbeitung Widerspruch einzulegen, ferner das Recht auf Daten\u00fcbertragbarkeit; Sie haben ferner das Recht auf den Erhalt eines neuen Informationsschreibens, sollte sich der Zweck der Datenverarbeitung oder die Natur der verarbeiteten Daten irgendwie \u00e4ndern;<\/li>\n<\/ul>\n<ul>\n<li>Die Zustimmung jederzeit zu widerrufen, ohne die Zul\u00e4ssigkeit der Datenverarbeitung zu beeintr\u00e4chtigen, die auf der vor dem Widerruf geleisteten Zustimmung basiert, wenn die Datenverarbeitung gem\u00e4\u00df Art. 6 (\u201eZul\u00e4ssigkeit der Verarbeitung\u201c) Absatz 1, Buchstabe a)<sup>1<\/sup>\u00a0oder auf Art. 9, Absatz 2, Buchstabe a)<sup>2<\/sup>\u00a0erfolgt;<\/li>\n<\/ul>\n<ul>\n<li>Bei einer Aufsichtsbeh\u00f6rde Beschwerde einzulegen.<\/li>\n<\/ul>\n<ul>\n<li>Ihre Rechte jederzeit auszu\u00fcben, indem Sie eine Mitteilung an die folgende E-Mail Adresse schicken:<strong><em>\u00a0info@interbox.ch<\/em><\/strong><\/li>\n<\/ul>\n<p><strong>Pflicht oder Wahlm\u00f6glichkeit zur Mitteilung der Daten<\/strong><br \/>\nWas die Daten betrifft, die wir aus zwingenden Gr\u00fcnden bzw. aufgrund nationaler und europ\u00e4ischer Verordnungen wissen m\u00fcssen, hat eine verweigerte Mitteilung zur Folge, dass der Aufbau oder die Fortsetzung eines Verh\u00e4ltnisses\/Vertrages unm\u00f6glich wird, innerhalb der Grenzen, in denen diese Daten notwendig sind um dies(en) auszuf\u00fchren. Was die Daten betrifft, die wir nicht unbedingt kennen m\u00fcssen, wird deren verweigerte Mitteilung von uns Mal f\u00fcr Mal abgesch\u00e4tzt. Die anschlie\u00dfend von uns getroffenen Entscheidungen basieren auf der Bedeutung, die die verlangten und nicht erhaltenen Daten f\u00fcr unser Unternehmen haben.<\/p>\n<p><strong>Automatisierter Entscheidungsprozess<\/strong><br \/>\nInnerhalb unserer Organisation gibt es keinen automatisierten Entscheidungsprozess.<\/p>\n<hr \/>\n<p><sup>1<\/sup>\u00a0Art. 6. c. I. lett. a) \u201cDer Betroffene hat der Verarbeitung seiner pers\u00f6nlichen Daten zu einem oder mehreren spezifischen Zwecken zugestimmt.\u201d<br \/>\n<sup>2<\/sup>\u00a0Art. 9, c. 2. lett. a) \u201cDer Betroffene hat der Verarbeitung dieser pers\u00f6nlichen Daten zu einem oder mehreren spezifischen Zwecken ausdr\u00fccklich zugestimmt, ausgenommen in den F\u00e4llen, in denen das Recht der Union oder der Mitgliedsstaaten anordnet, dass der Betroffene das Verbot von Absatz 1 nicht widerrufen kann.\u201d[\/vc_column_text][\/vc_column][\/vc_row][vc_row][vc_column][vc_empty_space height=&#8221;80px&#8221;][\/vc_column][\/vc_row]<\/p>\n","protected":false},"excerpt":{"rendered":"<p>[vc_row][vc_column][vc_empty_space height=&#8221;80px&#8221;][\/vc_column][\/vc_row][vc_row][vc_column][vc_column_text] Privacy Policy &nbsp; Titular der Datenverarbeitung im Sinne von Art. 4 und 24 der EU-Richtlinie 2016\/679 ist: Interbox SA\u00a0mit Rechtssitz\u00a0Office at Via dei Balconi, 11 6917 Barbengo-Lugano (CH) in Person des amtierenden gesetzlichen Vertreters. E-Mail Adresse:\u00a0info@interbox.ch Zielsetzung und rechtliche Grundlage der Datenverarbeitung Die Datenverarbeitung ist zur Erf\u00fcllung der vertraglichen Verpflichtungen \/ gegenseitigen Vereinbarungen [&hellip;]<\/p>\n","protected":false},"author":1,"featured_media":0,"parent":0,"menu_order":61,"comment_status":"closed","ping_status":"closed","template":"","meta":{"footnotes":""},"class_list":["post-10065","page","type-page","status-publish","hentry"],"acf":[],"yoast_head":"<!-- This site is optimized with the Yoast SEO plugin v19.1 - https:\/\/yoast.com\/wordpress\/plugins\/seo\/ -->\n<title>Privacy Policy - Interbox - Contenitori<\/title>\n<meta name=\"robots\" content=\"index, follow, max-snippet:-1, max-image-preview:large, max-video-preview:-1\" \/>\n<link rel=\"canonical\" href=\"https:\/\/www.interbox.ch\/contenitori\/de\/privacy-policy\/\" \/>\n<meta property=\"og:locale\" content=\"de_DE\" \/>\n<meta property=\"og:type\" content=\"article\" \/>\n<meta property=\"og:title\" content=\"Privacy Policy - Interbox - Contenitori\" \/>\n<meta property=\"og:description\" content=\"[vc_row][vc_column][vc_empty_space height=&#8221;80px&#8221;][\/vc_column][\/vc_row][vc_row][vc_column][vc_column_text] Privacy Policy &nbsp; Titular der Datenverarbeitung im Sinne von Art. 4 und 24 der EU-Richtlinie 2016\/679 ist: Interbox SA\u00a0mit Rechtssitz\u00a0Office at Via dei Balconi, 11 6917 Barbengo-Lugano (CH) in Person des amtierenden gesetzlichen Vertreters. E-Mail Adresse:\u00a0info@interbox.ch Zielsetzung und rechtliche Grundlage der Datenverarbeitung Die Datenverarbeitung ist zur Erf\u00fcllung der vertraglichen Verpflichtungen \/ gegenseitigen Vereinbarungen [&hellip;]\" \/>\n<meta property=\"og:url\" content=\"https:\/\/www.interbox.ch\/contenitori\/de\/privacy-policy\/\" \/>\n<meta property=\"og:site_name\" content=\"Interbox - Contenitori\" \/>\n<meta property=\"article:modified_time\" content=\"2023-10-02T13:56:59+00:00\" \/>\n<meta name=\"twitter:card\" content=\"summary_large_image\" \/>\n<meta name=\"twitter:label1\" content=\"Gesch\u00e4tzte Lesezeit\" \/>\n\t<meta name=\"twitter:data1\" content=\"3\u00a0Minuten\" \/>\n<script type=\"application\/ld+json\" class=\"yoast-schema-graph\">{\"@context\":\"https:\/\/schema.org\",\"@graph\":[{\"@type\":\"Organization\",\"@id\":\"https:\/\/www.interbox.ch\/contenitori\/de\/#organization\",\"name\":\"Interbox\",\"url\":\"https:\/\/www.interbox.ch\/contenitori\/de\/\",\"sameAs\":[\"https:\/\/www.instagram.com\/martinialfredo_spa\/\",\"https:\/\/www.youtube.com\/channel\/UCUzuZc9hYH9KN1iUYs3iiOg\"],\"logo\":{\"@type\":\"ImageObject\",\"inLanguage\":\"de\",\"@id\":\"https:\/\/www.interbox.ch\/contenitori\/de\/#\/schema\/logo\/image\/\",\"url\":\"https:\/\/www.interbox.ch\/contenitori\/wp-content\/uploads\/2022\/03\/logo.png\",\"contentUrl\":\"https:\/\/www.interbox.ch\/contenitori\/wp-content\/uploads\/2022\/03\/logo.png\",\"width\":219,\"height\":141,\"caption\":\"Interbox\"},\"image\":{\"@id\":\"https:\/\/www.interbox.ch\/contenitori\/de\/#\/schema\/logo\/image\/\"}},{\"@type\":\"WebSite\",\"@id\":\"https:\/\/www.interbox.ch\/contenitori\/de\/#website\",\"url\":\"https:\/\/www.interbox.ch\/contenitori\/de\/\",\"name\":\"Interbox - Contenitori\",\"description\":\"\",\"publisher\":{\"@id\":\"https:\/\/www.interbox.ch\/contenitori\/de\/#organization\"},\"potentialAction\":[{\"@type\":\"SearchAction\",\"target\":{\"@type\":\"EntryPoint\",\"urlTemplate\":\"https:\/\/www.interbox.ch\/contenitori\/de\/?s={search_term_string}\"},\"query-input\":\"required name=search_term_string\"}],\"inLanguage\":\"de\"},{\"@type\":\"WebPage\",\"@id\":\"https:\/\/www.interbox.ch\/contenitori\/de\/privacy-policy\/#webpage\",\"url\":\"https:\/\/www.interbox.ch\/contenitori\/de\/privacy-policy\/\",\"name\":\"Privacy Policy - Interbox - Contenitori\",\"isPartOf\":{\"@id\":\"https:\/\/www.interbox.ch\/contenitori\/de\/#website\"},\"datePublished\":\"2022-03-17T09:25:27+00:00\",\"dateModified\":\"2023-10-02T13:56:59+00:00\",\"breadcrumb\":{\"@id\":\"https:\/\/www.interbox.ch\/contenitori\/de\/privacy-policy\/#breadcrumb\"},\"inLanguage\":\"de\",\"potentialAction\":[{\"@type\":\"ReadAction\",\"target\":[\"https:\/\/www.interbox.ch\/contenitori\/de\/privacy-policy\/\"]}]},{\"@type\":\"BreadcrumbList\",\"@id\":\"https:\/\/www.interbox.ch\/contenitori\/de\/privacy-policy\/#breadcrumb\",\"itemListElement\":[{\"@type\":\"ListItem\",\"position\":1,\"name\":\"Home\",\"item\":\"https:\/\/www.interbox.ch\/contenitori\/de\/\"},{\"@type\":\"ListItem\",\"position\":2,\"name\":\"Privacy Policy\"}]}]}<\/script>\n<!-- \/ Yoast SEO plugin. -->","yoast_head_json":{"title":"Privacy Policy - Interbox - Contenitori","robots":{"index":"index","follow":"follow","max-snippet":"max-snippet:-1","max-image-preview":"max-image-preview:large","max-video-preview":"max-video-preview:-1"},"canonical":"https:\/\/www.interbox.ch\/contenitori\/de\/privacy-policy\/","og_locale":"de_DE","og_type":"article","og_title":"Privacy Policy - Interbox - Contenitori","og_description":"[vc_row][vc_column][vc_empty_space height=&#8221;80px&#8221;][\/vc_column][\/vc_row][vc_row][vc_column][vc_column_text] Privacy Policy &nbsp; Titular der Datenverarbeitung im Sinne von Art. 4 und 24 der EU-Richtlinie 2016\/679 ist: Interbox SA\u00a0mit Rechtssitz\u00a0Office at Via dei Balconi, 11 6917 Barbengo-Lugano (CH) in Person des amtierenden gesetzlichen Vertreters. E-Mail Adresse:\u00a0info@interbox.ch Zielsetzung und rechtliche Grundlage der Datenverarbeitung Die Datenverarbeitung ist zur Erf\u00fcllung der vertraglichen Verpflichtungen \/ gegenseitigen Vereinbarungen [&hellip;]","og_url":"https:\/\/www.interbox.ch\/contenitori\/de\/privacy-policy\/","og_site_name":"Interbox - Contenitori","article_modified_time":"2023-10-02T13:56:59+00:00","twitter_card":"summary_large_image","twitter_misc":{"Gesch\u00e4tzte Lesezeit":"3\u00a0Minuten"},"schema":{"@context":"https:\/\/schema.org","@graph":[{"@type":"Organization","@id":"https:\/\/www.interbox.ch\/contenitori\/de\/#organization","name":"Interbox","url":"https:\/\/www.interbox.ch\/contenitori\/de\/","sameAs":["https:\/\/www.instagram.com\/martinialfredo_spa\/","https:\/\/www.youtube.com\/channel\/UCUzuZc9hYH9KN1iUYs3iiOg"],"logo":{"@type":"ImageObject","inLanguage":"de","@id":"https:\/\/www.interbox.ch\/contenitori\/de\/#\/schema\/logo\/image\/","url":"https:\/\/www.interbox.ch\/contenitori\/wp-content\/uploads\/2022\/03\/logo.png","contentUrl":"https:\/\/www.interbox.ch\/contenitori\/wp-content\/uploads\/2022\/03\/logo.png","width":219,"height":141,"caption":"Interbox"},"image":{"@id":"https:\/\/www.interbox.ch\/contenitori\/de\/#\/schema\/logo\/image\/"}},{"@type":"WebSite","@id":"https:\/\/www.interbox.ch\/contenitori\/de\/#website","url":"https:\/\/www.interbox.ch\/contenitori\/de\/","name":"Interbox - Contenitori","description":"","publisher":{"@id":"https:\/\/www.interbox.ch\/contenitori\/de\/#organization"},"potentialAction":[{"@type":"SearchAction","target":{"@type":"EntryPoint","urlTemplate":"https:\/\/www.interbox.ch\/contenitori\/de\/?s={search_term_string}"},"query-input":"required name=search_term_string"}],"inLanguage":"de"},{"@type":"WebPage","@id":"https:\/\/www.interbox.ch\/contenitori\/de\/privacy-policy\/#webpage","url":"https:\/\/www.interbox.ch\/contenitori\/de\/privacy-policy\/","name":"Privacy Policy - Interbox - Contenitori","isPartOf":{"@id":"https:\/\/www.interbox.ch\/contenitori\/de\/#website"},"datePublished":"2022-03-17T09:25:27+00:00","dateModified":"2023-10-02T13:56:59+00:00","breadcrumb":{"@id":"https:\/\/www.interbox.ch\/contenitori\/de\/privacy-policy\/#breadcrumb"},"inLanguage":"de","potentialAction":[{"@type":"ReadAction","target":["https:\/\/www.interbox.ch\/contenitori\/de\/privacy-policy\/"]}]},{"@type":"BreadcrumbList","@id":"https:\/\/www.interbox.ch\/contenitori\/de\/privacy-policy\/#breadcrumb","itemListElement":[{"@type":"ListItem","position":1,"name":"Home","item":"https:\/\/www.interbox.ch\/contenitori\/de\/"},{"@type":"ListItem","position":2,"name":"Privacy Policy"}]}]}},"_links":{"self":[{"href":"https:\/\/www.interbox.ch\/contenitori\/de\/wp-json\/wp\/v2\/pages\/10065","targetHints":{"allow":["GET"]}}],"collection":[{"href":"https:\/\/www.interbox.ch\/contenitori\/de\/wp-json\/wp\/v2\/pages"}],"about":[{"href":"https:\/\/www.interbox.ch\/contenitori\/de\/wp-json\/wp\/v2\/types\/page"}],"author":[{"embeddable":true,"href":"https:\/\/www.interbox.ch\/contenitori\/de\/wp-json\/wp\/v2\/users\/1"}],"replies":[{"embeddable":true,"href":"https:\/\/www.interbox.ch\/contenitori\/de\/wp-json\/wp\/v2\/comments?post=10065"}],"version-history":[{"count":3,"href":"https:\/\/www.interbox.ch\/contenitori\/de\/wp-json\/wp\/v2\/pages\/10065\/revisions"}],"predecessor-version":[{"id":15970,"href":"https:\/\/www.interbox.ch\/contenitori\/de\/wp-json\/wp\/v2\/pages\/10065\/revisions\/15970"}],"wp:attachment":[{"href":"https:\/\/www.interbox.ch\/contenitori\/de\/wp-json\/wp\/v2\/media?parent=10065"}],"curies":[{"name":"wp","href":"https:\/\/api.w.org\/{rel}","templated":true}]}}